{"id":1301,"date":"2024-08-01T18:45:41","date_gmt":"2024-08-01T23:45:41","guid":{"rendered":"https:\/\/vu.ca\/?page_id=1301"},"modified":"2025-12-22T13:50:17","modified_gmt":"2025-12-22T18:50:17","slug":"promotions","status":"publish","type":"page","link":"https:\/\/vu.ca\/en\/promotions\/","title":{"rendered":"Promotions"},"content":{"rendered":"\n    <section class=\"text-image section different-background\">\n        \n<span class=\"absolute top-0 left-0\" ><\/span>        <div class=\"wrapper || flex flex-col gap-y-12 || lg:grid-col lg:items-center\">\n            <div class=\"order-2 || lg:col-start-8 lg:col-span-5 aspect-square\">\n                <img decoding=\"async\" src=\"https:\/\/vu.ca\/wp-content\/uploads\/2025\/09\/85c18a12-9d7a-7159-58b1-8c75f4d02f20-1.jpg\" class=\"w-full h-full order-2 object-cover\" srcset=\"\" alt=\"A collage of vintage documents, photos, newspaper clippings, and ads for Rocher-Lebel opticians and La lunetterie VU \u00e0 Montr\u00e9al, featuring eyewear, offices, buses, and French text highlighting the company\u2019s rich history.\" alt=\"A collage of vintage documents, photos, newspaper clippings, and ads for Rocher-Lebel opticians and La lunetterie VU \u00e0 Montr\u00e9al, featuring eyewear, offices, buses, and French text highlighting the company\u2019s rich history.\" loading=\"lazy\">\n            <\/div>\n            <div class=\"order-1 || lg:col-span-6 2xl:col-start-2 2xl:col-span-5 \">\n                                    <p class=\"intro-subtitle || mb-10\">Four Decades of Vision and Style<\/p>\n                                                    <h2 class=\"text-h2 || mb-6\">Come celebrate our 40th anniversary with us!<\/h2>\n                                <div class=\"wysiwyg-container || max-w-[40.625rem]\">\n    <p data-start=\"81\" data-end=\"357\"><strong>This October, VU is turning 40 \u2013 and we couldn\u2019t have done it without you.<\/strong><br data-start=\"202\" data-end=\"205\" \/>Four decades of vision, style, and community\u2026 And because no anniversary is complete without surprises, we\u2019ve prepared something special just for you.<\/p>\n<p data-start=\"359\" data-end=\"483\"><strong>For 4 weeks, exclusive promotions await you, ready to be discovered.<\/strong><\/p>\n<p data-start=\"74\" data-end=\"178\">Join our mailing list \u2013 promotions will be revealed each week by email! (<em>See footer to subscribe.<\/em>)<\/p>\n<p data-start=\"485\" data-end=\"530\">(<em data-start=\"486\" data-end=\"527\">Offer not combinable. Details in-store.<\/em>)<\/p>\n<p><a class=\"btn-primary\" href=\"https:\/\/vu.ca\/en\/book-an-appointment\/\"> <span class=\"cta-text\"><span>Book an appointment<\/span><\/span> <span class=\"cta-arrows\"> <span class=\"arrow || block px-1 transition-all duration-200\"><\/span> <span class=\"arrow || block px-1 opacity-0 absolute top-1\/2 -translate-y-1\/2 -translate-x-full transition-all duration-200\"><\/span> <\/span> <\/a><\/p>\n<p><a title=\"Instagram\" href=\"https:\/\/www.instagram.com\/vu_optique\/\" target=\"_blank\" rel=\"noopener\">Follow us on Instagram<\/a><\/p>\n<p><a title=\"Follow us on Facebook\" href=\"https:\/\/www.facebook.com\/VUOptique\/\" target=\"_blank\" rel=\"noopener\">Follow us on Facebook<\/a><\/p>\n<\/div>            <\/div>\n        <\/div>\n    <\/section>\n\n\n\n\n    <section class=\"text-image section \">\n        \n<span class=\"absolute top-0 left-0\" ><\/span>        <div class=\"wrapper || flex flex-col gap-y-12 || lg:grid-col lg:items-center\">\n            <div class=\"order-2 || lg:order-none lg:col-span-5 lg:aspect-[742\/918]\">\n                <img decoding=\"async\" src=\"https:\/\/vu.ca\/wp-content\/uploads\/2024\/12\/Promo_lunettecomplete_2025.jpg\" class=\"w-full h-full order-2 object-cover\" srcset=\"https:\/\/vu.ca\/wp-content\/uploads\/2024\/12\/Promo_lunettecomplete_2025.jpg 2000w, https:\/\/vu.ca\/wp-content\/uploads\/2024\/12\/Promo_lunettecomplete_2025-1024x1536.jpg 1024w, https:\/\/vu.ca\/wp-content\/uploads\/2024\/12\/Promo_lunettecomplete_2025-1365x2048.jpg 1365w, https:\/\/vu.ca\/wp-content\/uploads\/2024\/12\/Promo_lunettecomplete_2025-500x100.jpg 500w, https:\/\/vu.ca\/wp-content\/uploads\/2024\/12\/Promo_lunettecomplete_2025-1920x2880.jpg 1920w, https:\/\/vu.ca\/wp-content\/uploads\/2024\/12\/Promo_lunettecomplete_2025-1400x2100.jpg 1400w, https:\/\/vu.ca\/wp-content\/uploads\/2024\/12\/Promo_lunettecomplete_2025-640x960.jpg 640w, https:\/\/vu.ca\/wp-content\/uploads\/2024\/12\/Promo_lunettecomplete_2025-480x720.jpg 480w, https:\/\/vu.ca\/wp-content\/uploads\/2024\/12\/Promo_lunettecomplete_2025-350x525.jpg 350w, https:\/\/vu.ca\/wp-content\/uploads\/2024\/12\/Promo_lunettecomplete_2025-150x225.jpg 150w, https:\/\/vu.ca\/wp-content\/uploads\/2024\/12\/Promo_lunettecomplete_2025-300x300.jpg 300w, https:\/\/vu.ca\/wp-content\/uploads\/2024\/12\/Promo_lunettecomplete_2025-400x400.jpg 400w, https:\/\/vu.ca\/wp-content\/uploads\/2024\/12\/Promo_lunettecomplete_2025-600x900.jpg 600w, https:\/\/vu.ca\/wp-content\/uploads\/2024\/12\/Promo_lunettecomplete_2025-100x100.jpg 100w\" alt=\"Jeune femme portant des lunettes de soleil verte sous le soleil d'\u00e9t\u00e9.\" alt=\"Jeune femme portant des lunettes de soleil verte sous le soleil d'\u00e9t\u00e9.\" loading=\"lazy\">\n            <\/div>\n            <div class=\"order-1 || lg:order-none lg:col-start-7 lg:col-span-6 2xl:col-start-7 2xl:col-span-5 \">\n                                    <p class=\"intro-subtitle || mb-10\">Special Offer<\/p>\n                                                    <h2 class=\"text-h2 || mb-6\">High-quality complete glasses for only $195<\/h2>\n                                <div class=\"wysiwyg-container || max-w-[40.625rem]\">\n    <p><strong>Frame + single vision lenses (non-thinned)<\/strong> (includes anti-reflective coating and scratch resistance) <strong>at 195$<\/strong><\/p>\n<ul>\n<li><strong>Non-thinned sunglass lenses<\/strong>: +$50<\/li>\n<li><strong>Thinned lenses (1.6)<\/strong>: +$60<\/li>\n<li><strong>Extra-thinned lenses (1.67)<\/strong>: +$120<\/li>\n<li><strong>Blue light protection<\/strong>: +$50<\/li>\n<\/ul>\n<p><strong>Frame + progressive lenses (non-thinned)<\/strong> (includes anti-reflective coating and scratch resistance) <strong>at 455$<\/strong><\/p>\n<ul>\n<li><strong>Thinned lenses (1.6)<\/strong>: +$80<\/li>\n<li><strong>Extra-thinned lenses (1.67)<\/strong>: +$160<\/li>\n<li><strong>Blue light protection<\/strong>: +$50<\/li>\n<\/ul>\n<p>All prices include the frame and lenses, which are treated with an anti-reflective coating and scratch resistance for enhanced comfort and durability.<\/p>\n<p><em>(This offer cannot be combined with other promotions. See in-store for details.)<\/em><\/p>\n<p><a class=\"btn-primary\" href=\"https:\/\/vu.ca\/en\/book-an-appointment\/\"> <span class=\"cta-text\"><span>Book an appointment<\/span><\/span> <span class=\"cta-arrows\"> <span class=\"arrow || block px-1 transition-all duration-200\"><\/span> <span class=\"arrow || block px-1 opacity-0 absolute top-1\/2 -translate-y-1\/2 -translate-x-full transition-all duration-200\"><\/span> <\/span> <\/a><\/p>\n<\/div>            <\/div>\n        <\/div>\n    <\/section>\n\n\n\n\n    <section class=\"text-image section different-background\">\n        \n<span class=\"absolute top-0 left-0\" ><\/span>        <div class=\"wrapper || flex flex-col gap-y-12 || lg:grid-col lg:items-center\">\n            <div class=\"order-2 || lg:col-start-8 lg:col-span-5 lg:aspect-[742\/918]\">\n                <img decoding=\"async\" src=\"https:\/\/vu.ca\/wp-content\/uploads\/2024\/12\/Promo_multi_paires_2025.jpg\" class=\"w-full h-full order-2 object-cover\" srcset=\"https:\/\/vu.ca\/wp-content\/uploads\/2024\/12\/Promo_multi_paires_2025.jpg 2000w, https:\/\/vu.ca\/wp-content\/uploads\/2024\/12\/Promo_multi_paires_2025-1024x1536.jpg 1024w, https:\/\/vu.ca\/wp-content\/uploads\/2024\/12\/Promo_multi_paires_2025-1365x2048.jpg 1365w, https:\/\/vu.ca\/wp-content\/uploads\/2024\/12\/Promo_multi_paires_2025-500x100.jpg 500w, https:\/\/vu.ca\/wp-content\/uploads\/2024\/12\/Promo_multi_paires_2025-1920x2880.jpg 1920w, https:\/\/vu.ca\/wp-content\/uploads\/2024\/12\/Promo_multi_paires_2025-1400x2100.jpg 1400w, https:\/\/vu.ca\/wp-content\/uploads\/2024\/12\/Promo_multi_paires_2025-640x960.jpg 640w, https:\/\/vu.ca\/wp-content\/uploads\/2024\/12\/Promo_multi_paires_2025-480x720.jpg 480w, https:\/\/vu.ca\/wp-content\/uploads\/2024\/12\/Promo_multi_paires_2025-350x525.jpg 350w, https:\/\/vu.ca\/wp-content\/uploads\/2024\/12\/Promo_multi_paires_2025-150x225.jpg 150w, https:\/\/vu.ca\/wp-content\/uploads\/2024\/12\/Promo_multi_paires_2025-300x300.jpg 300w, https:\/\/vu.ca\/wp-content\/uploads\/2024\/12\/Promo_multi_paires_2025-400x400.jpg 400w, https:\/\/vu.ca\/wp-content\/uploads\/2024\/12\/Promo_multi_paires_2025-600x900.jpg 600w, https:\/\/vu.ca\/wp-content\/uploads\/2024\/12\/Promo_multi_paires_2025-100x100.jpg 100w\" alt=\"Plusieurs luenttes sur une table blanche\" alt=\"Plusieurs luenttes sur une table blanche\" loading=\"lazy\">\n            <\/div>\n            <div class=\"order-1 || lg:col-span-6 2xl:col-start-2 2xl:col-span-5 \">\n                                    <p class=\"intro-subtitle || mb-10\">One is good, but two is better!<\/p>\n                                                    <h2 class=\"text-h2 || mb-6\">50% off your 2nd pair of lenses<\/h2>\n                                <div class=\"wysiwyg-container || max-w-[40.625rem]\">\n    <p>You have <strong>30 days<\/strong> to get <strong>50% off the lenses<\/strong> of your second pair of glasses.<\/p>\n<p>Valid on prescription eyeglasses or sunglasses.*<\/p>\n<p><em>(Discount applies to the least expensive pair and is non-transferable. Offer cannot be combined with other promotions or discounts.)<\/em><\/p>\n<p><em>*Excludes Rx lenses from Oakley, Julbo, Ray-Ban, Serengeti and Maui Jim.<\/em><\/p>\n<p><a class=\"btn-primary\" href=\"https:\/\/vu.ca\/en\/shop\/\"> <span class=\"cta-text\"><span>Explore our frames<\/span><\/span> <span class=\"cta-arrows\"> <span class=\"arrow || block px-1 transition-all duration-200\"><\/span> <span class=\"arrow || block px-1 opacity-0 absolute top-1\/2 -translate-y-1\/2 -translate-x-full transition-all duration-200\"><\/span> <\/span> <\/a><\/p>\n<\/div>            <\/div>\n        <\/div>\n    <\/section>\n\n\n\n\n    <section class=\"text-image section \">\n        \n<span class=\"absolute top-0 left-0\" ><\/span>        <div class=\"wrapper || flex flex-col gap-y-12 || lg:grid-col lg:items-center\">\n            <div class=\"order-2 || lg:order-none lg:col-span-5 lg:aspect-[742\/918]\">\n                <img decoding=\"async\" src=\"https:\/\/vu.ca\/wp-content\/uploads\/2024\/12\/Promo_Solaire_2025.jpg\" class=\"w-full h-full order-2 object-cover\" srcset=\"https:\/\/vu.ca\/wp-content\/uploads\/2024\/12\/Promo_Solaire_2025.jpg 2000w, https:\/\/vu.ca\/wp-content\/uploads\/2024\/12\/Promo_Solaire_2025-1024x1536.jpg 1024w, https:\/\/vu.ca\/wp-content\/uploads\/2024\/12\/Promo_Solaire_2025-1365x2048.jpg 1365w, https:\/\/vu.ca\/wp-content\/uploads\/2024\/12\/Promo_Solaire_2025-500x100.jpg 500w, https:\/\/vu.ca\/wp-content\/uploads\/2024\/12\/Promo_Solaire_2025-1920x2880.jpg 1920w, https:\/\/vu.ca\/wp-content\/uploads\/2024\/12\/Promo_Solaire_2025-1400x2100.jpg 1400w, https:\/\/vu.ca\/wp-content\/uploads\/2024\/12\/Promo_Solaire_2025-640x960.jpg 640w, https:\/\/vu.ca\/wp-content\/uploads\/2024\/12\/Promo_Solaire_2025-480x720.jpg 480w, https:\/\/vu.ca\/wp-content\/uploads\/2024\/12\/Promo_Solaire_2025-350x525.jpg 350w, https:\/\/vu.ca\/wp-content\/uploads\/2024\/12\/Promo_Solaire_2025-150x225.jpg 150w, https:\/\/vu.ca\/wp-content\/uploads\/2024\/12\/Promo_Solaire_2025-300x300.jpg 300w, https:\/\/vu.ca\/wp-content\/uploads\/2024\/12\/Promo_Solaire_2025-400x400.jpg 400w, https:\/\/vu.ca\/wp-content\/uploads\/2024\/12\/Promo_Solaire_2025-600x900.jpg 600w, https:\/\/vu.ca\/wp-content\/uploads\/2024\/12\/Promo_Solaire_2025-100x100.jpg 100w\" alt=\"Jeune femme portant des lunettes de soleil et regardant \u00e0 travers un sac \u00e0 main.\" alt=\"Jeune femme portant des lunettes de soleil et regardant \u00e0 travers un sac \u00e0 main.\" loading=\"lazy\">\n            <\/div>\n            <div class=\"order-1 || lg:order-none lg:col-start-7 lg:col-span-6 2xl:col-start-7 2xl:col-span-5 \">\n                                    <p class=\"intro-subtitle || mb-10\">Friends &#038; family<\/p>\n                                                    <h2 class=\"text-h2 || mb-6\">Give 20% to your loved ones<\/h2>\n                                <div class=\"wysiwyg-container || max-w-[40.625rem]\">\n    <p>When you purchase a complete pair of glasses, your friends and family can enjoy <strong>20% off their purchase within 30 days of your order<\/strong>.<\/p>\n<p>A great way to share clear vision and savings.<\/p>\n<p><em>(Details and conditions in-store. Cannot be combined with other promotions.)<\/em><\/p>\n<p><a class=\"btn-primary\" href=\"https:\/\/vu.ca\/en\/contact-us\/\"> <span class=\"cta-text\"><span>Come see us in store<\/span><\/span> <span class=\"cta-arrows\"> <span class=\"arrow || block px-1 transition-all duration-200\"><\/span> <span class=\"arrow || block px-1 opacity-0 absolute top-1\/2 -translate-y-1\/2 -translate-x-full transition-all duration-200\"><\/span> <\/span> <\/a><\/p>\n<\/div>            <\/div>\n        <\/div>\n    <\/section>\n\n\n\n\n    <section class=\"text-image section different-background\">\n        \n<span class=\"absolute top-0 left-0\" ><\/span>        <div class=\"wrapper || flex flex-col gap-y-12 || lg:grid-col lg:items-center\">\n            <div class=\"order-2 || lg:col-start-8 lg:col-span-5 lg:aspect-[742\/918]\">\n                <img decoding=\"async\" src=\"https:\/\/vu.ca\/wp-content\/uploads\/2024\/12\/Promo_Etudiant_2025.jpg\" class=\"w-full h-full order-2 object-cover\" srcset=\"https:\/\/vu.ca\/wp-content\/uploads\/2024\/12\/Promo_Etudiant_2025.jpg 2000w, https:\/\/vu.ca\/wp-content\/uploads\/2024\/12\/Promo_Etudiant_2025-1024x1536.jpg 1024w, https:\/\/vu.ca\/wp-content\/uploads\/2024\/12\/Promo_Etudiant_2025-1365x2048.jpg 1365w, https:\/\/vu.ca\/wp-content\/uploads\/2024\/12\/Promo_Etudiant_2025-500x100.jpg 500w, https:\/\/vu.ca\/wp-content\/uploads\/2024\/12\/Promo_Etudiant_2025-1920x2880.jpg 1920w, https:\/\/vu.ca\/wp-content\/uploads\/2024\/12\/Promo_Etudiant_2025-1400x2100.jpg 1400w, https:\/\/vu.ca\/wp-content\/uploads\/2024\/12\/Promo_Etudiant_2025-640x960.jpg 640w, https:\/\/vu.ca\/wp-content\/uploads\/2024\/12\/Promo_Etudiant_2025-480x720.jpg 480w, https:\/\/vu.ca\/wp-content\/uploads\/2024\/12\/Promo_Etudiant_2025-350x525.jpg 350w, https:\/\/vu.ca\/wp-content\/uploads\/2024\/12\/Promo_Etudiant_2025-150x225.jpg 150w, https:\/\/vu.ca\/wp-content\/uploads\/2024\/12\/Promo_Etudiant_2025-300x300.jpg 300w, https:\/\/vu.ca\/wp-content\/uploads\/2024\/12\/Promo_Etudiant_2025-400x400.jpg 400w, https:\/\/vu.ca\/wp-content\/uploads\/2024\/12\/Promo_Etudiant_2025-600x900.jpg 600w, https:\/\/vu.ca\/wp-content\/uploads\/2024\/12\/Promo_Etudiant_2025-100x100.jpg 100w\" alt=\"\u00c9tudiante portant des lunettes m\u00e9talliques et d\u00e9courag\u00e9e par la charge de travail.\" alt=\"\u00c9tudiante portant des lunettes m\u00e9talliques et d\u00e9courag\u00e9e par la charge de travail.\" loading=\"lazy\">\n            <\/div>\n            <div class=\"order-1 || lg:col-span-6 2xl:col-start-2 2xl:col-span-5 \">\n                                    <p class=\"intro-subtitle || mb-10\">Study in Style<\/p>\n                                                    <h2 class=\"text-h2 || mb-6\">15% off for kids and students<\/h2>\n                                <div class=\"wysiwyg-container || max-w-[40.625rem]\">\n    <p>Children and students aged 25 and under get <strong>15% off in-store<\/strong> on complete glasses.<\/p>\n<p><em>(Offer valid with a current student ID. Cannot be combined with other promotions or discounts.)<\/em><\/p>\n<p><a class=\"btn-primary\" href=\"https:\/\/vu.ca\/en\/brands\/\"> <span class=\"cta-text\"><span>Explore our collections<\/span><\/span> <span class=\"cta-arrows\"> <span class=\"arrow || block px-1 transition-all duration-200\"><\/span> <span class=\"arrow || block px-1 opacity-0 absolute top-1\/2 -translate-y-1\/2 -translate-x-full transition-all duration-200\"><\/span> <\/span> <\/a><\/p>\n<\/div>            <\/div>\n        <\/div>\n    <\/section>\n\n","protected":false},"excerpt":{"rendered":"","protected":false},"author":1,"featured_media":0,"parent":0,"menu_order":0,"comment_status":"closed","ping_status":"closed","template":"","meta":{"_acf_changed":false,"footnotes":""},"class_list":["post-1301","page","type-page","status-publish","hentry"],"acf":[],"_links":{"self":[{"href":"https:\/\/vu.ca\/en\/wp-json\/wp\/v2\/pages\/1301","targetHints":{"allow":["GET"]}}],"collection":[{"href":"https:\/\/vu.ca\/en\/wp-json\/wp\/v2\/pages"}],"about":[{"href":"https:\/\/vu.ca\/en\/wp-json\/wp\/v2\/types\/page"}],"author":[{"embeddable":true,"href":"https:\/\/vu.ca\/en\/wp-json\/wp\/v2\/users\/1"}],"replies":[{"embeddable":true,"href":"https:\/\/vu.ca\/en\/wp-json\/wp\/v2\/comments?post=1301"}],"version-history":[{"count":4,"href":"https:\/\/vu.ca\/en\/wp-json\/wp\/v2\/pages\/1301\/revisions"}],"predecessor-version":[{"id":7710,"href":"https:\/\/vu.ca\/en\/wp-json\/wp\/v2\/pages\/1301\/revisions\/7710"}],"wp:attachment":[{"href":"https:\/\/vu.ca\/en\/wp-json\/wp\/v2\/media?parent=1301"}],"curies":[{"name":"wp","href":"https:\/\/api.w.org\/{rel}","templated":true}]}}